{"id":485,"date":"2026-04-13T13:41:58","date_gmt":"2026-04-13T11:41:58","guid":{"rendered":"http:\/\/portales.localhost\/ayuntamiento-2\/gobierno-municipal\/"},"modified":"2026-04-13T13:41:58","modified_gmt":"2026-04-13T11:41:58","slug":"gobierno-municipal","status":"publish","type":"page","link":"http:\/\/www.navascues.es\/eu\/ayuntamiento-2\/gobierno-municipal\/","title":{"rendered":"Gobierno municipal"},"content":{"rendered":"<p>&gt; Contenido disponible en castellano (pendiente de traducci\u00f3n).<\/p>\n<h3>Composici\u00f3n del gobierno municipal<\/h3>\n<ul>\n<li>Alcald\u00eda<\/li>\n<li>Dos concejal\u00edas<\/li>\n<\/ul>\n<h3>Agrupaci\u00f3n municipal<\/h3>\n<p>El gobierno municipal est\u00e1 formado por tres concejales, incluido el alcalde, bajo la Agrupaci\u00f3n Independiente del Almirad\u00edo de Navascu\u00e9s.<\/p>\n","protected":false},"excerpt":{"rendered":"<p>&gt; Contenido disponible en castellano (pendiente de traducci\u00f3n). Composici\u00f3n del gobierno municipal Alcald\u00eda Dos concejal\u00edas Agrupaci\u00f3n municipal El gobierno municipal est\u00e1 formado por tres concejales, incluido el alcalde, bajo la Agrupaci\u00f3n Independiente del Almirad\u00edo de Navascu\u00e9s.<\/p>\n","protected":false},"author":1,"featured_media":0,"parent":480,"menu_order":0,"comment_status":"closed","ping_status":"closed","template":"","meta":{"footnotes":""},"class_list":["post-485","page","type-page","status-publish","hentry"],"yoast_head":"<!-- This site is optimized with the Yoast SEO plugin v27.5 - https:\/\/yoast.com\/product\/yoast-seo-wordpress\/ -->\r\n<title>Gobierno municipal - Ayuntamiento de Navascues<\/title>\r\n<meta name=\"robots\" content=\"index, follow, max-snippet:-1, max-image-preview:large, max-video-preview:-1\" \/>\r\n<link rel=\"canonical\" href=\"http:\/\/www.navascues.es\/eu\/ayuntamiento-2\/gobierno-municipal\/\" \/>\r\n<meta property=\"og:locale\" content=\"en_US\" \/>\r\n<meta property=\"og:type\" content=\"article\" \/>\r\n<meta property=\"og:title\" content=\"Gobierno municipal - Ayuntamiento de Navascues\" \/>\r\n<meta property=\"og:description\" content=\"&gt; Contenido disponible en castellano (pendiente de traducci\u00f3n). Composici\u00f3n del gobierno municipal Alcald\u00eda Dos concejal\u00edas Agrupaci\u00f3n municipal El gobierno municipal est\u00e1 formado por tres concejales, incluido el alcalde, bajo la Agrupaci\u00f3n Independiente del Almirad\u00edo de Navascu\u00e9s.\" \/>\r\n<meta property=\"og:url\" content=\"http:\/\/www.navascues.es\/eu\/ayuntamiento-2\/gobierno-municipal\/\" \/>\r\n<meta property=\"og:site_name\" content=\"Ayuntamiento de Navascues\" \/>\r\n<meta name=\"twitter:card\" content=\"summary_large_image\" \/>\r\n<script type=\"application\/ld+json\" class=\"yoast-schema-graph\">{\"@context\":\"https:\\\/\\\/schema.org\",\"@graph\":[{\"@type\":\"WebPage\",\"@id\":\"http:\\\/\\\/www.navascues.es\\\/eu\\\/ayuntamiento-2\\\/gobierno-municipal\\\/\",\"url\":\"http:\\\/\\\/www.navascues.es\\\/eu\\\/ayuntamiento-2\\\/gobierno-municipal\\\/\",\"name\":\"Gobierno municipal - Ayuntamiento de Navascues\",\"isPartOf\":{\"@id\":\"http:\\\/\\\/www.navascues.es\\\/#website\"},\"datePublished\":\"2026-04-13T11:41:58+00:00\",\"breadcrumb\":{\"@id\":\"http:\\\/\\\/www.navascues.es\\\/eu\\\/ayuntamiento-2\\\/gobierno-municipal\\\/#breadcrumb\"},\"inLanguage\":\"eu\",\"potentialAction\":[{\"@type\":\"ReadAction\",\"target\":[\"http:\\\/\\\/www.navascues.es\\\/eu\\\/ayuntamiento-2\\\/gobierno-municipal\\\/\"]}]},{\"@type\":\"BreadcrumbList\",\"@id\":\"http:\\\/\\\/www.navascues.es\\\/eu\\\/ayuntamiento-2\\\/gobierno-municipal\\\/#breadcrumb\",\"itemListElement\":[{\"@type\":\"ListItem\",\"position\":1,\"name\":\"Portada\",\"item\":\"http:\\\/\\\/www.navascues.es\\\/\"},{\"@type\":\"ListItem\",\"position\":2,\"name\":\"Ayuntamiento\",\"item\":\"http:\\\/\\\/www.navascues.es\\\/eu\\\/ayuntamiento-2\\\/\"},{\"@type\":\"ListItem\",\"position\":3,\"name\":\"Gobierno municipal\"}]},{\"@type\":\"WebSite\",\"@id\":\"http:\\\/\\\/www.navascues.es\\\/#website\",\"url\":\"http:\\\/\\\/www.navascues.es\\\/\",\"name\":\"Ayuntamiento de Navascues\",\"description\":\"\",\"potentialAction\":[{\"@type\":\"SearchAction\",\"target\":{\"@type\":\"EntryPoint\",\"urlTemplate\":\"http:\\\/\\\/www.navascues.es\\\/?s={search_term_string}\"},\"query-input\":{\"@type\":\"PropertyValueSpecification\",\"valueRequired\":true,\"valueName\":\"search_term_string\"}}],\"inLanguage\":\"eu\"}]}<\/script>\r\n<!-- \/ Yoast SEO plugin. -->","yoast_head_json":{"title":"Gobierno municipal - Ayuntamiento de Navascues","robots":{"index":"index","follow":"follow","max-snippet":"max-snippet:-1","max-image-preview":"max-image-preview:large","max-video-preview":"max-video-preview:-1"},"canonical":"http:\/\/www.navascues.es\/eu\/ayuntamiento-2\/gobierno-municipal\/","og_locale":"en_US","og_type":"article","og_title":"Gobierno municipal - Ayuntamiento de Navascues","og_description":"&gt; Contenido disponible en castellano (pendiente de traducci\u00f3n). Composici\u00f3n del gobierno municipal Alcald\u00eda Dos concejal\u00edas Agrupaci\u00f3n municipal El gobierno municipal est\u00e1 formado por tres concejales, incluido el alcalde, bajo la Agrupaci\u00f3n Independiente del Almirad\u00edo de Navascu\u00e9s.","og_url":"http:\/\/www.navascues.es\/eu\/ayuntamiento-2\/gobierno-municipal\/","og_site_name":"Ayuntamiento de Navascues","twitter_card":"summary_large_image","schema":{"@context":"https:\/\/schema.org","@graph":[{"@type":"WebPage","@id":"http:\/\/www.navascues.es\/eu\/ayuntamiento-2\/gobierno-municipal\/","url":"http:\/\/www.navascues.es\/eu\/ayuntamiento-2\/gobierno-municipal\/","name":"Gobierno municipal - Ayuntamiento de Navascues","isPartOf":{"@id":"http:\/\/www.navascues.es\/#website"},"datePublished":"2026-04-13T11:41:58+00:00","breadcrumb":{"@id":"http:\/\/www.navascues.es\/eu\/ayuntamiento-2\/gobierno-municipal\/#breadcrumb"},"inLanguage":"eu","potentialAction":[{"@type":"ReadAction","target":["http:\/\/www.navascues.es\/eu\/ayuntamiento-2\/gobierno-municipal\/"]}]},{"@type":"BreadcrumbList","@id":"http:\/\/www.navascues.es\/eu\/ayuntamiento-2\/gobierno-municipal\/#breadcrumb","itemListElement":[{"@type":"ListItem","position":1,"name":"Portada","item":"http:\/\/www.navascues.es\/"},{"@type":"ListItem","position":2,"name":"Ayuntamiento","item":"http:\/\/www.navascues.es\/eu\/ayuntamiento-2\/"},{"@type":"ListItem","position":3,"name":"Gobierno municipal"}]},{"@type":"WebSite","@id":"http:\/\/www.navascues.es\/#website","url":"http:\/\/www.navascues.es\/","name":"Ayuntamiento de Navascues","description":"","potentialAction":[{"@type":"SearchAction","target":{"@type":"EntryPoint","urlTemplate":"http:\/\/www.navascues.es\/?s={search_term_string}"},"query-input":{"@type":"PropertyValueSpecification","valueRequired":true,"valueName":"search_term_string"}}],"inLanguage":"eu"}]}},"_links":{"self":[{"href":"http:\/\/www.navascues.es\/eu\/wp-json\/wp\/v2\/pages\/485","targetHints":{"allow":["GET"]}}],"collection":[{"href":"http:\/\/www.navascues.es\/eu\/wp-json\/wp\/v2\/pages"}],"about":[{"href":"http:\/\/www.navascues.es\/eu\/wp-json\/wp\/v2\/types\/page"}],"author":[{"embeddable":true,"href":"http:\/\/www.navascues.es\/eu\/wp-json\/wp\/v2\/users\/1"}],"replies":[{"embeddable":true,"href":"http:\/\/www.navascues.es\/eu\/wp-json\/wp\/v2\/comments?post=485"}],"version-history":[{"count":0,"href":"http:\/\/www.navascues.es\/eu\/wp-json\/wp\/v2\/pages\/485\/revisions"}],"up":[{"embeddable":true,"href":"http:\/\/www.navascues.es\/eu\/wp-json\/wp\/v2\/pages\/480"}],"wp:attachment":[{"href":"http:\/\/www.navascues.es\/eu\/wp-json\/wp\/v2\/media?parent=485"}],"curies":[{"name":"wp","href":"https:\/\/api.w.org\/{rel}","templated":true}]}}